{"id":3020,"date":"2021-06-02T10:25:15","date_gmt":"2021-06-02T08:25:15","guid":{"rendered":"https:\/\/www.verbandssoftware.online\/?page_id=3020"},"modified":"2025-10-21T15:31:15","modified_gmt":"2025-10-21T13:31:15","slug":"veranstaltungsverwaltung-fuer-verbaende-kammern-vereine","status":"publish","type":"page","link":"https:\/\/www.verbandssoftware.online\/en\/veranstaltungsverwaltung-fuer-verbaende-kammern-vereine\/","title":{"rendered":"Event Management"},"content":{"rendered":"<div class=\"wpb-content-wrapper\"><section class=\"vc_section page-2-subpages row-1 vc_custom_1699029475766 vc_section-has-fill\">    <section class=\"container-wrap  row-1-content main-color\" style=\"\" >\n\t\t<div class=\"section-container container\">\n\t\t\t<div class=\"vc_row wpb_row vc_row-fluid row\">\n\t\t\t\t<div class=\"wpb_column vc_column_container vc_col-sm-12\">\n    <div class=\"vc_column-inner\">\n        <div class=\"wpb_wrapper\">\n                <h1  style=\"font-size: 40px;color: #f7b50f;line-height: 50px;text-align: left\" data-uid=\"\" class=\"vc_custom_heading hintergrund\" id=\"\">\n        Event Management    <\/h1>\n            <\/div>\n    <\/div>\n<\/div>\n\t\t\t<\/div>\n        <\/div>\n            <\/section>\n<\/section><section class=\"vc_section page-2-subpages image-text-column vc_custom_1624980171645 vc_section-has-fill\">    <section class=\"container-wrap  image-text-column-1 main-color\" style=\"\" >\n\t\t<div class=\"section-container container\">\n\t\t\t<div class=\"vc_row wpb_row vc_row-fluid row\">\n\t\t\t\t<div class=\"wpb_animate_when_almost_visible wpb_fadeInLeft fadeInLeft wpb_column vc_column_container vc_col-sm-6 vc_col-has-fill\">\n    <div class=\"vc_column-inner vc_custom_1642088391317\">\n        <div class=\"wpb_wrapper\">\n            <div class=\"wpb_single_image wpb_content_element vc_align_center  image\">\n\t\t<figure class=\"wpb_wrapper vc_figure\">\n\t\t\t\t\t<a rel=\"prettyPhoto[rel-3020-1291495446]\" href=\"https:\/\/www.verbandssoftware.online\/wp-content\/uploads\/2022\/01\/veranstaltungsplanung-2048x1314.png\" target=\"_self\" class=\"vc_single_image-wrapper   vc_box_border_grey prettyphoto\">\n\t\t\t\t<img loading=\"lazy\" decoding=\"async\" width=\"3840\" height=\"2463\" src=\"https:\/\/www.verbandssoftware.online\/wp-content\/uploads\/2022\/01\/veranstaltungsplanung.png\" class=\"vc_single_image-img attachment-full\" alt=\"veranstaltungsplanung\" title=\"veranstaltungsplanung\" \/>\t\t\t<\/a>\n\t\t\t\t\t\t<\/figure>\n<\/div>\n        <\/div>\n    <\/div>\n<\/div>\n<div class=\"wpb_animate_when_almost_visible wpb_fadeInRight fadeInRight wpb_column vc_column_container vc_col-sm-6\">\n    <div class=\"vc_column-inner\">\n        <div class=\"wpb_wrapper\">\n            <div class=\"kleo_text_column wpb_text_column wpb_content_element  vc_custom_1734519880341 text\"  style=\" font-size:22px; line-height:36px;\">\n    <div class=\"wpb_wrapper\">\n        <p><span style=\"color: #3c3c3c;\"><strong>Event Planning<\/strong><\/span><\/p>\n<ul>\n<li class=\"translation-block\">Plan and create events simply and publish it on your website just with a click of a button.<\/li>\n<li><span style=\"color: #f7b50f;\"><strong>Create the documents for your events\u00a0<\/strong><\/span> based on your templates and conveniently send them to your recipient groups.<\/li>\n<\/ul>\n    <\/div>\n<\/div>\n        <\/div>\n    <\/div>\n<\/div>\n\t\t\t<\/div>\n        <\/div>\n            <\/section>\n<\/section><section class=\"vc_section page-2-subpages image-text-column\">    <section class=\"container-wrap  image-text-column-2 main-color\" style=\"\" >\n\t\t<div class=\"section-container container\">\n\t\t\t<div class=\"vc_row wpb_row vc_row-fluid row\">\n\t\t\t\t<div class=\"wpb_animate_when_almost_visible wpb_fadeInLeft fadeInLeft wpb_column vc_column_container vc_col-sm-6\">\n    <div class=\"vc_column-inner vc_custom_1642088421998\">\n        <div class=\"wpb_wrapper\">\n            <div class=\"kleo_text_column wpb_text_column wpb_content_element  vc_custom_1734519892667 text\"  style=\" font-size:22px; line-height:36px;\">\n    <div class=\"wpb_wrapper\">\n        <p><span style=\"color: #3c3c3c;\"><strong>Management of Participants<\/strong><\/span><\/p>\n<ul>\n<li>Manage registrations and cancellations of participants for your events.<\/li>\n<li class=\"translation-block\"><span style=\"color: #f7b50f\"><strong>Create attendance confirmations and certificates  <\/strong><\/span>appropriate for the type of event.<\/li>\n<li class=\"translation-block\">With the integrated billing function, the invoices for the participation are automatically generated and sent to the participants.<\/li>\n<\/ul>\n    <\/div>\n<\/div>\n        <\/div>\n    <\/div>\n<\/div>\n<div class=\"wpb_animate_when_almost_visible wpb_fadeInRight fadeInRight wpb_column vc_column_container vc_col-sm-6\">\n    <div class=\"vc_column-inner\">\n        <div class=\"wpb_wrapper\">\n            <div class=\"wpb_single_image wpb_content_element vc_align_left  image\">\n\t\t<figure class=\"wpb_wrapper vc_figure\">\n\t\t\t\t\t<a rel=\"prettyPhoto[rel-3020-1264360527]\" href=\"https:\/\/www.verbandssoftware.online\/wp-content\/uploads\/2022\/01\/teilnehmerverwaltung-2048x1314.png\" target=\"_self\" class=\"vc_single_image-wrapper   vc_box_border_grey prettyphoto\">\n\t\t\t\t<img loading=\"lazy\" decoding=\"async\" width=\"3840\" height=\"2463\" src=\"https:\/\/www.verbandssoftware.online\/wp-content\/uploads\/2022\/01\/teilnehmerverwaltung.png\" class=\"vc_single_image-img attachment-full\" alt=\"teilnehmerverwaltung\" title=\"teilnehmerverwaltung\" \/>\t\t\t<\/a>\n\t\t\t\t\t\t<\/figure>\n<\/div>\n        <\/div>\n    <\/div>\n<\/div>\n\t\t\t<\/div>\n        <\/div>\n            <\/section>\n<\/section><section class=\"vc_section page-2-subpages image-text-column vc_custom_1624980171645 vc_section-has-fill\">    <section class=\"container-wrap  image-text-column-1 main-color\" style=\"\" >\n\t\t<div class=\"section-container container\">\n\t\t\t<div class=\"vc_row wpb_row vc_row-fluid row\">\n\t\t\t\t<div class=\"wpb_animate_when_almost_visible wpb_fadeInLeft fadeInLeft wpb_column vc_column_container vc_col-sm-6 vc_col-has-fill\">\n    <div class=\"vc_column-inner vc_custom_1642088540415\">\n        <div class=\"wpb_wrapper\">\n            <div class=\"wpb_single_image wpb_content_element vc_align_center  image\">\n\t\t<figure class=\"wpb_wrapper vc_figure\">\n\t\t\t\t\t<a rel=\"prettyPhoto[rel-3020-648954994]\" href=\"https:\/\/www.verbandssoftware.online\/wp-content\/uploads\/2022\/01\/Seminarverwaltung-2048x1314.png\" target=\"_self\" class=\"vc_single_image-wrapper   vc_box_border_grey prettyphoto\">\n\t\t\t\t<img loading=\"lazy\" decoding=\"async\" width=\"3840\" height=\"2463\" src=\"https:\/\/www.verbandssoftware.online\/wp-content\/uploads\/2022\/01\/Seminarverwaltung.png\" class=\"vc_single_image-img attachment-full\" alt=\"Seminarverwaltung\" title=\"Seminar Management\" \/>\t\t\t<\/a>\n\t\t\t\t\t\t<\/figure>\n<\/div>\n        <\/div>\n    <\/div>\n<\/div>\n<div class=\"wpb_animate_when_almost_visible wpb_fadeInRight fadeInRight wpb_column vc_column_container vc_col-sm-6\">\n    <div class=\"vc_column-inner\">\n        <div class=\"wpb_wrapper\">\n            <div class=\"kleo_text_column wpb_text_column wpb_content_element  vc_custom_1734519909931 text\"  style=\" font-size:22px; line-height:36px;\">\n    <div class=\"wpb_wrapper\">\n        <p><span style=\"color: #3c3c3c;\"><strong>Seminar Management<\/strong><\/span><\/p>\n<ul>\n<li>Create seminars with their booking criteria via the<a href=\"http:\/\/en.i-taros.com\"> i-taros<\/a>\u00a0backend. Manage attendance and participants, send attendance confirmations, create attendance certificates and control cancellation and waiting list processes.<\/li>\n<li><span style=\"color: #f7b50f;\"><strong>Manage ticket prices for bookings<\/strong><\/span>\u00a0and automatically send invoices to attendees based on your templates.<\/li>\n<\/ul>\n    <\/div>\n<\/div>\n        <\/div>\n    <\/div>\n<\/div>\n\t\t\t<\/div>\n        <\/div>\n            <\/section>\n<\/section><section class=\"vc_section page-2-subpages image-text-column\">    <section class=\"container-wrap  image-text-column-2 main-color\" style=\"\" >\n\t\t<div class=\"section-container container\">\n\t\t\t<div class=\"vc_row wpb_row vc_row-fluid row\">\n\t\t\t\t<div class=\"wpb_animate_when_almost_visible wpb_fadeInLeft fadeInLeft wpb_column vc_column_container vc_col-sm-6\">\n    <div class=\"vc_column-inner vc_custom_1642088560024\">\n        <div class=\"wpb_wrapper\">\n            <div class=\"kleo_text_column wpb_text_column wpb_content_element  vc_custom_1734519923286 text\"  style=\" font-size:22px; line-height:36px;\">\n    <div class=\"wpb_wrapper\">\n        <p><span style=\"color: #3c3c3c;\"><strong>Certification Management<\/strong><\/span><\/p>\n<ul>\n<li>Manage different types of certificates and their recognition procedures. <span style=\"color: #f7b50f;\"><strong>Automatically issue certificates to your members <\/strong><\/span>when they meet the criteria.<\/li>\n<li>Manage your members' participation in external certifications and individualize your own certification process through our\u00a0<a href=\"https:\/\/en.wikipedia.org\/wiki\/No-code_development_platform\">No-code approach.<\/a><\/li>\n<\/ul>\n    <\/div>\n<\/div>\n        <\/div>\n    <\/div>\n<\/div>\n<div class=\"wpb_animate_when_almost_visible wpb_fadeInRight fadeInRight wpb_column vc_column_container vc_col-sm-6\">\n    <div class=\"vc_column-inner\">\n        <div class=\"wpb_wrapper\">\n            <div class=\"wpb_single_image wpb_content_element vc_align_left  image\">\n\t\t<figure class=\"wpb_wrapper vc_figure\">\n\t\t\t\t\t<a rel=\"prettyPhoto[rel-3020-837562413]\" href=\"https:\/\/www.verbandssoftware.online\/wp-content\/uploads\/2022\/01\/Zertifikatsverwaltung-2048x1313.png\" target=\"_self\" class=\"vc_single_image-wrapper   vc_box_border_grey prettyphoto\">\n\t\t\t\t<img loading=\"lazy\" decoding=\"async\" width=\"3842\" height=\"2463\" src=\"https:\/\/www.verbandssoftware.online\/wp-content\/uploads\/2022\/01\/Zertifikatsverwaltung.png\" class=\"vc_single_image-img attachment-full\" alt=\"Zertifikatsverwaltung\" title=\"Certification Management\" \/>\t\t\t<\/a>\n\t\t\t\t\t\t<\/figure>\n<\/div>\n        <\/div>\n    <\/div>\n<\/div>\n\t\t\t<\/div>\n        <\/div>\n            <\/section>\n<\/section><section class=\"vc_section page-2-subpages row-5 wpb_animate_when_almost_visible wpb_fadeInUp fadeInUp vc_custom_1642088605078 vc_section-has-fill\">    <section class=\"container-wrap  image-form-column main-color\" style=\"\" >\n\t\t<div class=\"section-container container\">\n\t\t\t<div class=\"vc_row wpb_row vc_row-fluid row\">\n\t\t\t\t<div class=\"wpb_column vc_column_container vc_col-sm-6\">\n    <div class=\"vc_column-inner\">\n        <div class=\"wpb_wrapper\">\n            <div class=\"wpb_single_image wpb_content_element vc_align_left vc_custom_1625917647685  image\">\n\t\t<figure class=\"wpb_wrapper vc_figure\">\n\t\t\t\t\t<div class=\"vc_single_image-wrapper   vc_box_border_grey\">\n\t\t\t\t<img loading=\"lazy\" decoding=\"async\" width=\"520\" height=\"342\" src=\"https:\/\/www.verbandssoftware.online\/wp-content\/uploads\/2021\/06\/Gruppe-53.png\" class=\"vc_single_image-img attachment-full\" alt=\"Zwei Personen halten einen Kreis, darin das i-taros Logo\" title=\"Gruppe 53\" \/>\t\t\t<\/div>\n\t\t\t\t\t\t<\/figure>\n<\/div>\n        <\/div>\n    <\/div>\n<\/div>\n<div class=\"wpb_column vc_column_container vc_col-sm-6\">\n    <div class=\"vc_column-inner\">\n        <div class=\"wpb_wrapper\">\n            <div class=\"kleo_text_column wpb_text_column wpb_content_element  vc_custom_1633079514241 form-heading\"  style=\" font-size:24px; line-height:29px; font-weight:bold; color:#707070;\">\n    <div class=\"wpb_wrapper\">\n        <p>Do you have specific requirements?<\/p>\n    <\/div>\n<\/div>\n    <h6  style=\"font-size: 18px;color: #111111;line-height: 22px;text-align: left\" data-uid=\"\" class=\"vc_custom_heading form-text\" id=\"\">\n        No problem, our no-code approach allows customizing the solution exactly to your requirements. Reach out to us!<br \/>\nBook your preferred date\u2014we look forward to talking to you.    <\/h6>\n    \n\t<div class=\"wpb_raw_code wpb_raw_html wpb_content_element vc_custom_1761053463115\" >\n\t\t<div class=\"wpb_wrapper\">\n\t\t\t<!-- Calendly Inline-Widget Beginn -->\n<div class=\"calendly-inline-widget\" data-url=\"https:\/\/calendly.com\/jochen-kuhmann\/neues-meeting?hide_event_type_details=1&hide_gdpr_banner=1\" style=\"min-width:320px;height:300px;\"><\/div>\n<script type=\"text\/javascript\" src=\"https:\/\/assets.calendly.com\/assets\/external\/widget.js\" async><\/script>\n<!-- Calendly Inline-Widget Ende -->\n\t\t<\/div>\n\t<\/div>\n        <\/div>\n    <\/div>\n<\/div>\n\t\t\t<\/div>\n        <\/div>\n            <\/section>\n<\/section>\n<\/div>","protected":false},"excerpt":{"rendered":"Veranstaltungsverwaltung Veranstaltungsplanung Planen und erstellen Sie mit i-taros Ihre Veranstaltungen ganz einfach mit allen Details und ver\u00f6ffentlichen Sie diese mit einem Klick auf Ihrer Website. Erstellen Sie die Dokumente f\u00fcr Ihre Veranstaltungen\u00a0 auf Basis Ihrer Vorlagen und versenden Sie sie bequem an Ihre Empf\u00e4ngergruppen. Teilnehmerverwaltung Verwalten Sie die An- und Abmeldungen der Teilnehmer f\u00fcr Ihre Veranstaltungen. Erstellen Sie f\u00fcr den [...]","protected":false},"author":1,"featured_media":0,"parent":0,"menu_order":27,"comment_status":"closed","ping_status":"closed","template":"","meta":{"footnotes":""},"class_list":["post-3020","page","type-page","status-publish","hentry"],"yoast_head":"<!-- This site is optimized with the Yoast SEO plugin v26.8 - https:\/\/yoast.com\/product\/yoast-seo-wordpress\/ -->\n<title>Veranstaltungsverwaltung - Verbandssoftware<\/title>\n<meta name=\"description\" content=\"Verbandssoftware Veranstaltungsverwaltung - Unterst\u00fctzung bei Planung, Organisation, Durchf\u00fchrung und Nachbereitung ihrer Veranstaltung\" \/>\n<meta name=\"robots\" content=\"index, follow, max-snippet:-1, max-image-preview:large, max-video-preview:-1\" \/>\n<link rel=\"canonical\" href=\"https:\/\/www.verbandssoftware.online\/en\/veranstaltungsverwaltung-fuer-verbaende-kammern-vereine\/\" \/>\n<meta property=\"og:locale\" content=\"en_GB\" \/>\n<meta property=\"og:type\" content=\"article\" \/>\n<meta property=\"og:title\" content=\"Veranstaltungsverwaltung - Verbandssoftware\" \/>\n<meta property=\"og:description\" content=\"Verbandssoftware Veranstaltungsverwaltung - Unterst\u00fctzung bei Planung, Organisation, Durchf\u00fchrung und Nachbereitung ihrer Veranstaltung\" \/>\n<meta property=\"og:url\" content=\"https:\/\/www.verbandssoftware.online\/en\/veranstaltungsverwaltung-fuer-verbaende-kammern-vereine\/\" \/>\n<meta property=\"og:site_name\" content=\"Verbandssoftware\" \/>\n<meta property=\"article:publisher\" content=\"https:\/\/www.facebook.com\/buit.group\" \/>\n<meta property=\"article:modified_time\" content=\"2025-10-21T13:31:15+00:00\" \/>\n<meta name=\"twitter:card\" content=\"summary_large_image\" \/>\n<meta name=\"twitter:site\" content=\"@BuIT_Group\" \/>\n<meta name=\"twitter:label1\" content=\"Estimated reading time\" \/>\n\t<meta name=\"twitter:data1\" content=\"4 minutes\" \/>\n<script type=\"application\/ld+json\" class=\"yoast-schema-graph\">{\"@context\":\"https:\/\/schema.org\",\"@graph\":[{\"@type\":\"WebPage\",\"@id\":\"https:\/\/www.verbandssoftware.online\/veranstaltungsverwaltung-fuer-verbaende-kammern-vereine\/\",\"url\":\"https:\/\/www.verbandssoftware.online\/veranstaltungsverwaltung-fuer-verbaende-kammern-vereine\/\",\"name\":\"Veranstaltungsverwaltung - Verbandssoftware\",\"isPartOf\":{\"@id\":\"https:\/\/www.verbandssoftware.online\/#website\"},\"datePublished\":\"2021-06-02T08:25:15+00:00\",\"dateModified\":\"2025-10-21T13:31:15+00:00\",\"description\":\"Verbandssoftware Veranstaltungsverwaltung - Unterst\u00fctzung bei Planung, Organisation, Durchf\u00fchrung und Nachbereitung ihrer Veranstaltung\",\"breadcrumb\":{\"@id\":\"https:\/\/www.verbandssoftware.online\/veranstaltungsverwaltung-fuer-verbaende-kammern-vereine\/#breadcrumb\"},\"inLanguage\":\"en-GB\",\"potentialAction\":[{\"@type\":\"ReadAction\",\"target\":[\"https:\/\/www.verbandssoftware.online\/veranstaltungsverwaltung-fuer-verbaende-kammern-vereine\/\"]}]},{\"@type\":\"BreadcrumbList\",\"@id\":\"https:\/\/www.verbandssoftware.online\/veranstaltungsverwaltung-fuer-verbaende-kammern-vereine\/#breadcrumb\",\"itemListElement\":[{\"@type\":\"ListItem\",\"position\":1,\"name\":\"Startseite\",\"item\":\"https:\/\/www.verbandssoftware.online\/\"},{\"@type\":\"ListItem\",\"position\":2,\"name\":\"Veranstaltungsverwaltung\"}]},{\"@type\":\"WebSite\",\"@id\":\"https:\/\/www.verbandssoftware.online\/#website\",\"url\":\"https:\/\/www.verbandssoftware.online\/\",\"name\":\"Verbandssoftware\",\"description\":\"SOFTWARE DIE FREIR\u00c4UME SCHAFFT\",\"publisher\":{\"@id\":\"https:\/\/www.verbandssoftware.online\/#organization\"},\"potentialAction\":[{\"@type\":\"SearchAction\",\"target\":{\"@type\":\"EntryPoint\",\"urlTemplate\":\"https:\/\/www.verbandssoftware.online\/?s={search_term_string}\"},\"query-input\":{\"@type\":\"PropertyValueSpecification\",\"valueRequired\":true,\"valueName\":\"search_term_string\"}}],\"inLanguage\":\"en-GB\"},{\"@type\":\"Organization\",\"@id\":\"https:\/\/www.verbandssoftware.online\/#organization\",\"name\":\"B&IT Group\",\"url\":\"https:\/\/www.verbandssoftware.online\/\",\"logo\":{\"@type\":\"ImageObject\",\"inLanguage\":\"en-GB\",\"@id\":\"https:\/\/www.verbandssoftware.online\/#\/schema\/logo\/image\/\",\"url\":\"https:\/\/www.verbandssoftware.online\/wp-content\/uploads\/2018\/06\/BIT_Group_RGB_final_klein-1.png\",\"contentUrl\":\"https:\/\/www.verbandssoftware.online\/wp-content\/uploads\/2018\/06\/BIT_Group_RGB_final_klein-1.png\",\"width\":1207,\"height\":336,\"caption\":\"B&IT Group\"},\"image\":{\"@id\":\"https:\/\/www.verbandssoftware.online\/#\/schema\/logo\/image\/\"},\"sameAs\":[\"https:\/\/www.facebook.com\/buit.group\",\"https:\/\/x.com\/BuIT_Group\",\"https:\/\/www.linkedin.com\/company\/buit-group\/\"]}]}<\/script>\n<!-- \/ Yoast SEO plugin. -->","yoast_head_json":{"title":"Veranstaltungsverwaltung - Verbandssoftware","description":"Verbandssoftware Veranstaltungsverwaltung - Unterst\u00fctzung bei Planung, Organisation, Durchf\u00fchrung und Nachbereitung ihrer Veranstaltung","robots":{"index":"index","follow":"follow","max-snippet":"max-snippet:-1","max-image-preview":"max-image-preview:large","max-video-preview":"max-video-preview:-1"},"canonical":"https:\/\/www.verbandssoftware.online\/en\/veranstaltungsverwaltung-fuer-verbaende-kammern-vereine\/","og_locale":"en_GB","og_type":"article","og_title":"Veranstaltungsverwaltung - Verbandssoftware","og_description":"Verbandssoftware Veranstaltungsverwaltung - Unterst\u00fctzung bei Planung, Organisation, Durchf\u00fchrung und Nachbereitung ihrer Veranstaltung","og_url":"https:\/\/www.verbandssoftware.online\/en\/veranstaltungsverwaltung-fuer-verbaende-kammern-vereine\/","og_site_name":"Verbandssoftware","article_publisher":"https:\/\/www.facebook.com\/buit.group","article_modified_time":"2025-10-21T13:31:15+00:00","twitter_card":"summary_large_image","twitter_site":"@BuIT_Group","twitter_misc":{"Estimated reading time":"4 minutes"},"schema":{"@context":"https:\/\/schema.org","@graph":[{"@type":"WebPage","@id":"https:\/\/www.verbandssoftware.online\/veranstaltungsverwaltung-fuer-verbaende-kammern-vereine\/","url":"https:\/\/www.verbandssoftware.online\/veranstaltungsverwaltung-fuer-verbaende-kammern-vereine\/","name":"Veranstaltungsverwaltung - Verbandssoftware","isPartOf":{"@id":"https:\/\/www.verbandssoftware.online\/#website"},"datePublished":"2021-06-02T08:25:15+00:00","dateModified":"2025-10-21T13:31:15+00:00","description":"Verbandssoftware Veranstaltungsverwaltung - Unterst\u00fctzung bei Planung, Organisation, Durchf\u00fchrung und Nachbereitung ihrer Veranstaltung","breadcrumb":{"@id":"https:\/\/www.verbandssoftware.online\/veranstaltungsverwaltung-fuer-verbaende-kammern-vereine\/#breadcrumb"},"inLanguage":"en-GB","potentialAction":[{"@type":"ReadAction","target":["https:\/\/www.verbandssoftware.online\/veranstaltungsverwaltung-fuer-verbaende-kammern-vereine\/"]}]},{"@type":"BreadcrumbList","@id":"https:\/\/www.verbandssoftware.online\/veranstaltungsverwaltung-fuer-verbaende-kammern-vereine\/#breadcrumb","itemListElement":[{"@type":"ListItem","position":1,"name":"Startseite","item":"https:\/\/www.verbandssoftware.online\/"},{"@type":"ListItem","position":2,"name":"Veranstaltungsverwaltung"}]},{"@type":"WebSite","@id":"https:\/\/www.verbandssoftware.online\/#website","url":"https:\/\/www.verbandssoftware.online\/","name":"Verbandssoftware","description":"SOFTWARE DIE FREIR\u00c4UME SCHAFFT","publisher":{"@id":"https:\/\/www.verbandssoftware.online\/#organization"},"potentialAction":[{"@type":"SearchAction","target":{"@type":"EntryPoint","urlTemplate":"https:\/\/www.verbandssoftware.online\/?s={search_term_string}"},"query-input":{"@type":"PropertyValueSpecification","valueRequired":true,"valueName":"search_term_string"}}],"inLanguage":"en-GB"},{"@type":"Organization","@id":"https:\/\/www.verbandssoftware.online\/#organization","name":"B&IT Group","url":"https:\/\/www.verbandssoftware.online\/","logo":{"@type":"ImageObject","inLanguage":"en-GB","@id":"https:\/\/www.verbandssoftware.online\/#\/schema\/logo\/image\/","url":"https:\/\/www.verbandssoftware.online\/wp-content\/uploads\/2018\/06\/BIT_Group_RGB_final_klein-1.png","contentUrl":"https:\/\/www.verbandssoftware.online\/wp-content\/uploads\/2018\/06\/BIT_Group_RGB_final_klein-1.png","width":1207,"height":336,"caption":"B&IT Group"},"image":{"@id":"https:\/\/www.verbandssoftware.online\/#\/schema\/logo\/image\/"},"sameAs":["https:\/\/www.facebook.com\/buit.group","https:\/\/x.com\/BuIT_Group","https:\/\/www.linkedin.com\/company\/buit-group\/"]}]}},"_links":{"self":[{"href":"https:\/\/www.verbandssoftware.online\/en\/wp-json\/wp\/v2\/pages\/3020","targetHints":{"allow":["GET"]}}],"collection":[{"href":"https:\/\/www.verbandssoftware.online\/en\/wp-json\/wp\/v2\/pages"}],"about":[{"href":"https:\/\/www.verbandssoftware.online\/en\/wp-json\/wp\/v2\/types\/page"}],"author":[{"embeddable":true,"href":"https:\/\/www.verbandssoftware.online\/en\/wp-json\/wp\/v2\/users\/1"}],"replies":[{"embeddable":true,"href":"https:\/\/www.verbandssoftware.online\/en\/wp-json\/wp\/v2\/comments?post=3020"}],"version-history":[{"count":5,"href":"https:\/\/www.verbandssoftware.online\/en\/wp-json\/wp\/v2\/pages\/3020\/revisions"}],"predecessor-version":[{"id":5192,"href":"https:\/\/www.verbandssoftware.online\/en\/wp-json\/wp\/v2\/pages\/3020\/revisions\/5192"}],"wp:attachment":[{"href":"https:\/\/www.verbandssoftware.online\/en\/wp-json\/wp\/v2\/media?parent=3020"}],"curies":[{"name":"wp","href":"https:\/\/api.w.org\/{rel}","templated":true}]}}